{"id":6861,"date":"2024-09-13T13:17:35","date_gmt":"2024-09-13T13:17:35","guid":{"rendered":"https:\/\/www.pause-au-naturelle.com\/?post_type=product&#038;p=6861"},"modified":"2026-03-30T23:05:25","modified_gmt":"2026-03-30T23:05:25","slug":"manteca-de-karite-ecologica","status":"publish","type":"product","link":"https:\/\/www.pause-au-naturelle.com\/es\/produit\/beurre-de-karite-bio\/","title":{"rendered":"Manteca de karit\u00e9 ecol\u00f3gica 100 g"},"content":{"rendered":"<p>La naturaleza es una fuente de beneficios inestimables. Desde tiempos inmemoriales, el ser humano ha obtenido de ella su sustento y ha fortalecido su desarrollo. Cada continente, cada pa\u00eds y cada regi\u00f3n tiene caracter\u00edsticas espec\u00edficas que representan un saber hacer \u00fanico y un atractivo propio. En un mundo que se ha convertido en un lugar de intercambio r\u00e1pido, el comercio con pa\u00edses lejanos se ha vuelto accesible. El \u00abgusto por lo ex\u00f3tico\u00bb est\u00e1 de moda e invade el mercado. As\u00ed es como el <strong>manteca de karit\u00e9 natural<\/strong> ocupa un lugar destacado entre los productos locales excepcionales. Aprovechemos las virtudes de este producto procedente del \u00c1frica subsahariana. Su uso como tratamiento corporal ha alcanzado hoy en d\u00eda la fama de producto cosm\u00e9tico de prestigio.<\/p>\n<h2><strong>La manteca de karit\u00e9 natural: una d\u00e9cada de \u00e9xitos<\/strong><\/h2>\n<p>As\u00ed pues, lejos de nuestras fronteras crece el \u00e1rbol que hace las delicias de las mujeres en el \u00e1mbito de la cosm\u00e9tica. El llamado \u00bb\u00e1rbol de la mantequilla\u00bb, del t\u00e9rmino \u00bbghariti\u00bb en wolof, la lengua senegalesa, ofrece sus frutos en forma de almendras. Es esta palabra la que, incorporada al franc\u00e9s, se pronuncia \u00bbkarit\u00e9\u00bb. Los amantes de <em>Butyrospermum parkii<\/em> (o bien <em>Vitellaria paradoxa<\/em>) de su nombre cient\u00edfico, aprecian sus numerosas virtudes.<\/p>\n<h3><strong>Un tratamiento reparador extraordinario<\/strong><\/h3>\n<p>De hecho, el <strong>manteca de karit\u00e9 natural, <\/strong>que es un antioxidante, proporciona un cuidado especial para la piel y el cabello. Esta sustancia hiperhidratante act\u00faa como reparadora en caso de lesiones de la epidermis, como grietas, estr\u00edas y eccemas. Rica en vitaminas A, D, E y F, las mujeres que sufren grietas durante el periodo de lactancia pueden curarse r\u00e1pidamente gracias a este cosm\u00e9tico natural.<\/p>\n<p>En invierno, cuando hace mucho fr\u00edo, resulta ser un medio eficaz para hidratar la piel reseca. Permite que la piel recupere cierta elasticidad tras su aplicaci\u00f3n mediante un suave masaje. Este valioso producto es suavizante y su acci\u00f3n permite obtener una piel bien cicatrizada y regenerada de los ataques externos. Algunas mujeres senegalesas no dudan en mojar unas nueces de manteca de karit\u00e9 en el centro de su taza de <a href=\"https:\/\/www.pause-au-naturelle.com\/es\/producto\/miel-cremosa-cafe-gourmet\/\"><strong>caf\u00e9<\/strong><\/a>.<\/p>\n<p>Esta pr\u00e1ctica permite mantener unos labios bonitos y carnosos, un criterio de belleza muy caracter\u00edstico en este pa\u00eds africano. De hecho, el cuidado natural del cuerpo y el rostro sigue siendo una garant\u00eda de seguridad para el marido o el futuro esposo.<\/p>\n<p>Por cierto, \u00bfsab\u00edas que la mayor\u00eda de los b\u00e1lsamos labiales que utilizamos en Europa est\u00e1n enriquecidos con manteca de karit\u00e9 natural?.<\/p>\n<h3><strong>Una soluci\u00f3n ideal para nutrir el cabello en profundidad.<\/strong><\/h3>\n<p>Para el cuidado del cabello, el <strong>manteca de karit\u00e9 natural <\/strong>Se absorbe r\u00e1pidamente. Nutre el cabello devolvi\u00e9ndole fuerza y sedosidad. Utilizado como acondicionador, aporta flexibilidad al cabello rizado. Para optimizar este efecto, lo mejor es utilizar una mascarilla capilar. Sus propiedades lo convierten en un aut\u00e9ntico fijador para tus peinados, pero tambi\u00e9n en un tratamiento para tu color.<\/p>\n<p>Adem\u00e1s, todo tipo de cabello recupera su vitalidad con la aplicaci\u00f3n de este producto. Despu\u00e9s de la depilaci\u00f3n, es un excelente b\u00e1lsamo para calmar la piel depilada. Los amantes del sol tambi\u00e9n encontrar\u00e1n en este producto un gran aliado. Permite prolongar los efectos del bronceado en la piel, combatiendo as\u00ed la atenuaci\u00f3n del tono de la epidermis.<\/p>\n<p>Aunque se puede aplicar en cualquier tipo de cabello, es especialmente eficaz en cabellos afro y mediterr\u00e1neos.<\/p>\n<h2><strong>Un producto rico y ligero a la vez.<\/strong><\/h2>\n<p>Es hora de aplicar la manteca de karit\u00e9 en tu rutina diaria de cuidado de la piel. Hasta ahora, nada complicado. Solo tienes que sacar un poco del centro del tarro con el dedo \u00edndice. A continuaci\u00f3n, calienta el producto entre las palmas de las manos para aplicarlo en la zona deseada.<\/p>\n<h3><strong>Manteca de karit\u00e9 natural: una aplicaci\u00f3n sencilla y f\u00e1cil<\/strong><\/h3>\n<p>Tenga en cuenta que el <strong>manteca natural de karit\u00e9<\/strong> No deja una pel\u00edcula grasa tras su aplicaci\u00f3n sobre la piel o el cabello. Esta propiedad lo distingue de otros productos cosm\u00e9ticos que, tras su uso, siguen siendo grasos. Este producto, bien tolerado por la epidermis, es ideal para quienes buscan productos ligeros. Su textura es muy suave y cremosa, por lo que es ideal para las pieles m\u00e1s delicadas. Si analizamos su composici\u00f3n, esta manteca tan especial es rica en vitamina C.<\/p>\n<p>Esta vitamina C se encuentra en su pulpa. Consumida como alimento, es ideal para la ingesta diaria de todas las personas, incluidos los ni\u00f1os y las mujeres embarazadas. De hecho, la fruta contiene un porcentaje de carbohidratos, l\u00edpidos y prote\u00ednas brutas. Tambi\u00e9n tiene una alta concentraci\u00f3n de tocoferoles, es decir, vitamina E.<\/p>\n<p>Los africanos consumen manteca de karit\u00e9 natural desde hace milenios. Contiene principalmente cuatro \u00e1cidos grasos. Entre ellos, el \u00e1cido oleico, que puede cubrir hasta m\u00e1s de la mitad del contenido de las almendras de karit\u00e9. El \u00e1cido este\u00e1rico, que representa de media entre el 20 y el 50 % del coraz\u00f3n de las almendras. Por \u00faltimo, los \u00e1cidos linoleico y palm\u00edtico, que no superan en total aproximadamente una d\u00e9cima parte del contenido utilizado en la fabricaci\u00f3n.<\/p>\n<p>Por lo tanto, se trata de propiedades muy importantes que tambi\u00e9n se encuentran en los aceites vegetales m\u00e1s hidratantes y reparadores.<\/p>\n<h3><strong>Un auge comercial para los industriales europeos<\/strong><\/h3>\n<p>La manteca de karit\u00e9 contiene un 55,1 % de materia grasa. Desde un punto de vista comercial, hay que saber que se vende en dos grandes subconjuntos. Se revende en la industria agroalimentaria en forma de grasa vegetal, la estearina, utilizada especialmente para la fabricaci\u00f3n de manteca de cacao. Adem\u00e1s, se revende a bajo precio para productos alimenticios forrajeros en forma de ole\u00edna.<\/p>\n<p>Es esta sustancia la que tanto se codicia en el \u00e1mbito de la cosm\u00e9tica. Los laboratorios importadores evaluar\u00e1n su calidad en funci\u00f3n de su humedad, su acidez libre y su \u00edndice de impurezas.<\/p>\n<h3><strong>El \u00e1rbol de karit\u00e9: una identidad t\u00edpicamente africana<\/strong><\/h3>\n<p>Este prodigioso \u00e1rbol, que ha elegido como hogar el coraz\u00f3n de la sabana, puede alcanzar hasta quince metros de altura. Su esperanza de vida m\u00e1xima se estima en 300 a\u00f1os. Existen dos subespecies de su categor\u00eda, que viven respectivamente en \u00c1frica Oriental y \u00c1frica Occidental.<\/p>\n<p>Se encuentra presente en una veintena de pa\u00edses africanos. Este \u00e1rbol tiene un aspecto hermoso, con sus hojas brillantes. No florece hasta pasados unos 18 a\u00f1os y alcanza la madurez a los 30 a\u00f1os. Su floraci\u00f3n, que tiene lugar durante la estaci\u00f3n seca, deja ver en los extremos de las ramas unas flores olorosas de color blanquecino que atraen a las abejas. Por lo tanto, existe una miel de su flor. Una vez que comienza a producir, lo hace de forma continua. Entonces produce, en racimos, almendras de color marr\u00f3n oscuro. La producci\u00f3n media estimada por \u00e1rbol es de unos 20 kg. El mayor rendimiento del \u00e1rbol de karit\u00e9 se sit\u00faa entre los 50 y los 100 a\u00f1os. La baya que se recolecta de sus racimos tiene un aspecto carnoso y puede contener hasta dos frutos comparables, por lo que sabemos, a la forma del hueso del aguacate.<\/p>","protected":false},"excerpt":{"rendered":"<p>La nature procure une source de bienfaits inestimables. C&rsquo;est en elle que l&rsquo;homme puise, depuis des temps imm\u00e9moriaux, sa subsistance et fortifie son d\u00e9veloppement. Chaque continent, chaque pays et chaque r\u00e9gion poss\u00e8de des sp\u00e9cificit\u00e9s particuli\u00e8res qui repr\u00e9sentent un savoir-faire unique et une attractivit\u00e9 propre. Dans un monde devenu un lieu d&rsquo;\u00e9change rapide, le commerce via [&#8230;]\n","protected":false},"featured_media":11575,"template":"","meta":[],"product_brand":[],"product_cat":[61],"product_tag":[],"class_list":{"0":"post-6861","1":"product","2":"type-product","3":"status-publish","4":"has-post-thumbnail","6":"product_cat-beaute-hygiene","8":"first","9":"instock","10":"shipping-taxable","11":"purchasable","12":"product-type-simple"},"yoast_head":"<!-- This site is optimized with the Yoast SEO plugin v27.3 - https:\/\/yoast.com\/product\/yoast-seo-wordpress\/ -->\n<title>Beurre de karit\u00e9 naturel et bio | Bienfaits pour le visage et cheveux<\/title>\n<meta name=\"description\" content=\"Du Burkina Faso, ce beurre de karit\u00e9 naturel et bio est un soin r\u00e9parateur et hydratant remarquable et efficace (peau, cheveu, vergeture).\" \/>\n<meta name=\"robots\" content=\"index, follow, max-snippet:-1, max-image-preview:large, max-video-preview:-1\" \/>\n<link rel=\"canonical\" href=\"https:\/\/www.pause-au-naturelle.com\/es\/producto\/manteca-de-karite-ecologica\/\" \/>\n<meta property=\"og:locale\" content=\"es_ES\" \/>\n<meta property=\"og:type\" content=\"article\" \/>\n<meta property=\"og:title\" content=\"Beurre de karit\u00e9 naturel et bio | Bienfaits pour le visage et cheveux\" \/>\n<meta property=\"og:description\" content=\"Du Burkina Faso, ce beurre de karit\u00e9 naturel et bio est un soin r\u00e9parateur et hydratant remarquable et efficace (peau, cheveu, vergeture).\" \/>\n<meta property=\"og:url\" content=\"https:\/\/www.pause-au-naturelle.com\/es\/producto\/manteca-de-karite-ecologica\/\" \/>\n<meta property=\"og:site_name\" content=\"Pause au Naturelle\" \/>\n<meta property=\"article:modified_time\" content=\"2026-03-30T23:05:25+00:00\" \/>\n<meta property=\"og:image\" content=\"https:\/\/www.pause-au-naturelle.com\/wp-content\/uploads\/2020\/07\/beurre-de-karite-bio.jpg\" \/>\n\t<meta property=\"og:image:width\" content=\"600\" \/>\n\t<meta property=\"og:image:height\" content=\"600\" \/>\n\t<meta property=\"og:image:type\" content=\"image\/jpeg\" \/>\n<meta name=\"twitter:card\" content=\"summary_large_image\" \/>\n<meta name=\"twitter:label1\" content=\"Tiempo de lectura\" \/>\n\t<meta name=\"twitter:data1\" content=\"6 minutos\" \/>\n<script type=\"application\/ld+json\" class=\"yoast-schema-graph\">{\"@context\":\"https:\\\/\\\/schema.org\",\"@graph\":[{\"@type\":\"WebPage\",\"@id\":\"https:\\\/\\\/www.pause-au-naturelle.com\\\/produit\\\/beurre-de-karite-bio\\\/\",\"url\":\"https:\\\/\\\/www.pause-au-naturelle.com\\\/produit\\\/beurre-de-karite-bio\\\/\",\"name\":\"Beurre de karit\u00e9 naturel et bio | Bienfaits pour le visage et cheveux\",\"isPartOf\":{\"@id\":\"https:\\\/\\\/www.pause-au-naturelle.com\\\/#website\"},\"primaryImageOfPage\":{\"@id\":\"https:\\\/\\\/www.pause-au-naturelle.com\\\/produit\\\/beurre-de-karite-bio\\\/#primaryimage\"},\"image\":{\"@id\":\"https:\\\/\\\/www.pause-au-naturelle.com\\\/produit\\\/beurre-de-karite-bio\\\/#primaryimage\"},\"thumbnailUrl\":\"https:\\\/\\\/www.pause-au-naturelle.com\\\/wp-content\\\/uploads\\\/2020\\\/07\\\/beurre-de-karite-bio.jpg\",\"datePublished\":\"2024-09-13T13:17:35+00:00\",\"dateModified\":\"2026-03-30T23:05:25+00:00\",\"description\":\"Du Burkina Faso, ce beurre de karit\u00e9 naturel et bio est un soin r\u00e9parateur et hydratant remarquable et efficace (peau, cheveu, vergeture).\",\"breadcrumb\":{\"@id\":\"https:\\\/\\\/www.pause-au-naturelle.com\\\/produit\\\/beurre-de-karite-bio\\\/#breadcrumb\"},\"inLanguage\":\"es\",\"potentialAction\":[{\"@type\":\"ReadAction\",\"target\":[\"https:\\\/\\\/www.pause-au-naturelle.com\\\/produit\\\/beurre-de-karite-bio\\\/\"]}]},{\"@type\":\"ImageObject\",\"inLanguage\":\"es\",\"@id\":\"https:\\\/\\\/www.pause-au-naturelle.com\\\/produit\\\/beurre-de-karite-bio\\\/#primaryimage\",\"url\":\"https:\\\/\\\/www.pause-au-naturelle.com\\\/wp-content\\\/uploads\\\/2020\\\/07\\\/beurre-de-karite-bio.jpg\",\"contentUrl\":\"https:\\\/\\\/www.pause-au-naturelle.com\\\/wp-content\\\/uploads\\\/2020\\\/07\\\/beurre-de-karite-bio.jpg\",\"width\":600,\"height\":600,\"caption\":\"Beurre de karit\u00e9 bio 100g\"},{\"@type\":\"BreadcrumbList\",\"@id\":\"https:\\\/\\\/www.pause-au-naturelle.com\\\/produit\\\/beurre-de-karite-bio\\\/#breadcrumb\",\"itemListElement\":[{\"@type\":\"ListItem\",\"position\":1,\"name\":\"Boutique\",\"item\":\"https:\\\/\\\/www.pause-au-naturelle.com\\\/boutique\\\/\"},{\"@type\":\"ListItem\",\"position\":2,\"name\":\"Beurre de karit\u00e9 bio 100g\"}]},{\"@type\":\"WebSite\",\"@id\":\"https:\\\/\\\/www.pause-au-naturelle.com\\\/#website\",\"url\":\"https:\\\/\\\/www.pause-au-naturelle.com\\\/\",\"name\":\"Pause au Naturelle\",\"description\":\"\",\"publisher\":{\"@id\":\"https:\\\/\\\/www.pause-au-naturelle.com\\\/#organization\"},\"potentialAction\":[{\"@type\":\"SearchAction\",\"target\":{\"@type\":\"EntryPoint\",\"urlTemplate\":\"https:\\\/\\\/www.pause-au-naturelle.com\\\/?s={search_term_string}\"},\"query-input\":{\"@type\":\"PropertyValueSpecification\",\"valueRequired\":true,\"valueName\":\"search_term_string\"}}],\"inLanguage\":\"es\"},{\"@type\":\"Organization\",\"@id\":\"https:\\\/\\\/www.pause-au-naturelle.com\\\/#organization\",\"name\":\"Pause au naturelle\",\"url\":\"https:\\\/\\\/www.pause-au-naturelle.com\\\/\",\"logo\":{\"@type\":\"ImageObject\",\"inLanguage\":\"es\",\"@id\":\"https:\\\/\\\/www.pause-au-naturelle.com\\\/#\\\/schema\\\/logo\\\/image\\\/\",\"url\":\"https:\\\/\\\/www.pause-au-naturelle.com\\\/wp-content\\\/uploads\\\/2020\\\/06\\\/logo.png\",\"contentUrl\":\"https:\\\/\\\/www.pause-au-naturelle.com\\\/wp-content\\\/uploads\\\/2020\\\/06\\\/logo.png\",\"width\":250,\"height\":250,\"caption\":\"Pause au naturelle\"},\"image\":{\"@id\":\"https:\\\/\\\/www.pause-au-naturelle.com\\\/#\\\/schema\\\/logo\\\/image\\\/\"}}]}<\/script>\n<!-- \/ Yoast SEO plugin. -->","yoast_head_json":{"title":"Manteca de karit\u00e9 natural y ecol\u00f3gica | Beneficios para el rostro y el cabello","description":"Procedente de Burkina Faso, esta manteca de karit\u00e9 natural y ecol\u00f3gica es un tratamiento reparador e hidratante extraordinario y eficaz (piel, cabello, estr\u00edas).","robots":{"index":"index","follow":"follow","max-snippet":"max-snippet:-1","max-image-preview":"max-image-preview:large","max-video-preview":"max-video-preview:-1"},"canonical":"https:\/\/www.pause-au-naturelle.com\/es\/producto\/manteca-de-karite-ecologica\/","og_locale":"es_ES","og_type":"article","og_title":"Beurre de karit\u00e9 naturel et bio | Bienfaits pour le visage et cheveux","og_description":"Du Burkina Faso, ce beurre de karit\u00e9 naturel et bio est un soin r\u00e9parateur et hydratant remarquable et efficace (peau, cheveu, vergeture).","og_url":"https:\/\/www.pause-au-naturelle.com\/es\/producto\/manteca-de-karite-ecologica\/","og_site_name":"Pause au Naturelle","article_modified_time":"2026-03-30T23:05:25+00:00","og_image":[{"width":600,"height":600,"url":"https:\/\/www.pause-au-naturelle.com\/wp-content\/uploads\/2020\/07\/beurre-de-karite-bio.jpg","type":"image\/jpeg"}],"twitter_card":"summary_large_image","twitter_misc":{"Tiempo de lectura":"6 minutos"},"schema":{"@context":"https:\/\/schema.org","@graph":[{"@type":"WebPage","@id":"https:\/\/www.pause-au-naturelle.com\/produit\/beurre-de-karite-bio\/","url":"https:\/\/www.pause-au-naturelle.com\/produit\/beurre-de-karite-bio\/","name":"Manteca de karit\u00e9 natural y ecol\u00f3gica | Beneficios para el rostro y el cabello","isPartOf":{"@id":"https:\/\/www.pause-au-naturelle.com\/#website"},"primaryImageOfPage":{"@id":"https:\/\/www.pause-au-naturelle.com\/produit\/beurre-de-karite-bio\/#primaryimage"},"image":{"@id":"https:\/\/www.pause-au-naturelle.com\/produit\/beurre-de-karite-bio\/#primaryimage"},"thumbnailUrl":"https:\/\/www.pause-au-naturelle.com\/wp-content\/uploads\/2020\/07\/beurre-de-karite-bio.jpg","datePublished":"2024-09-13T13:17:35+00:00","dateModified":"2026-03-30T23:05:25+00:00","description":"Procedente de Burkina Faso, esta manteca de karit\u00e9 natural y ecol\u00f3gica es un tratamiento reparador e hidratante extraordinario y eficaz (piel, cabello, estr\u00edas).","breadcrumb":{"@id":"https:\/\/www.pause-au-naturelle.com\/produit\/beurre-de-karite-bio\/#breadcrumb"},"inLanguage":"es","potentialAction":[{"@type":"ReadAction","target":["https:\/\/www.pause-au-naturelle.com\/produit\/beurre-de-karite-bio\/"]}]},{"@type":"ImageObject","inLanguage":"es","@id":"https:\/\/www.pause-au-naturelle.com\/produit\/beurre-de-karite-bio\/#primaryimage","url":"https:\/\/www.pause-au-naturelle.com\/wp-content\/uploads\/2020\/07\/beurre-de-karite-bio.jpg","contentUrl":"https:\/\/www.pause-au-naturelle.com\/wp-content\/uploads\/2020\/07\/beurre-de-karite-bio.jpg","width":600,"height":600,"caption":"Beurre de karit\u00e9 bio 100g"},{"@type":"BreadcrumbList","@id":"https:\/\/www.pause-au-naturelle.com\/produit\/beurre-de-karite-bio\/#breadcrumb","itemListElement":[{"@type":"ListItem","position":1,"name":"Boutique","item":"https:\/\/www.pause-au-naturelle.com\/boutique\/"},{"@type":"ListItem","position":2,"name":"Beurre de karit\u00e9 bio 100g"}]},{"@type":"WebSite","@id":"https:\/\/www.pause-au-naturelle.com\/#website","url":"https:\/\/www.pause-au-naturelle.com\/","name":"Pausa en la naturaleza","description":"","publisher":{"@id":"https:\/\/www.pause-au-naturelle.com\/#organization"},"potentialAction":[{"@type":"SearchAction","target":{"@type":"EntryPoint","urlTemplate":"https:\/\/www.pause-au-naturelle.com\/?s={search_term_string}"},"query-input":{"@type":"PropertyValueSpecification","valueRequired":true,"valueName":"search_term_string"}}],"inLanguage":"es"},{"@type":"Organization","@id":"https:\/\/www.pause-au-naturelle.com\/#organization","name":"Pausa al aire libre","url":"https:\/\/www.pause-au-naturelle.com\/","logo":{"@type":"ImageObject","inLanguage":"es","@id":"https:\/\/www.pause-au-naturelle.com\/#\/schema\/logo\/image\/","url":"https:\/\/www.pause-au-naturelle.com\/wp-content\/uploads\/2020\/06\/logo.png","contentUrl":"https:\/\/www.pause-au-naturelle.com\/wp-content\/uploads\/2020\/06\/logo.png","width":250,"height":250,"caption":"Pause au naturelle"},"image":{"@id":"https:\/\/www.pause-au-naturelle.com\/#\/schema\/logo\/image\/"}}]}},"_links":{"self":[{"href":"https:\/\/www.pause-au-naturelle.com\/es\/wp-json\/wp\/v2\/product\/6861","targetHints":{"allow":["GET"]}}],"collection":[{"href":"https:\/\/www.pause-au-naturelle.com\/es\/wp-json\/wp\/v2\/product"}],"about":[{"href":"https:\/\/www.pause-au-naturelle.com\/es\/wp-json\/wp\/v2\/types\/product"}],"wp:featuredmedia":[{"embeddable":true,"href":"https:\/\/www.pause-au-naturelle.com\/es\/wp-json\/wp\/v2\/media\/11575"}],"wp:attachment":[{"href":"https:\/\/www.pause-au-naturelle.com\/es\/wp-json\/wp\/v2\/media?parent=6861"}],"wp:term":[{"taxonomy":"product_brand","embeddable":true,"href":"https:\/\/www.pause-au-naturelle.com\/es\/wp-json\/wp\/v2\/product_brand?post=6861"},{"taxonomy":"product_cat","embeddable":true,"href":"https:\/\/www.pause-au-naturelle.com\/es\/wp-json\/wp\/v2\/product_cat?post=6861"},{"taxonomy":"product_tag","embeddable":true,"href":"https:\/\/www.pause-au-naturelle.com\/es\/wp-json\/wp\/v2\/product_tag?post=6861"}],"curies":[{"name":"wp","href":"https:\/\/api.w.org\/{rel}","templated":true}]}}