{"id":7177,"date":"2020-06-29T17:23:09","date_gmt":"2020-06-29T17:23:09","guid":{"rendered":"https:\/\/www.pause-au-naturelle.com\/?post_type=product&#038;p=7177"},"modified":"2023-12-27T16:37:15","modified_gmt":"2023-12-27T16:37:15","slug":"el-verde-con-nigella-20-bolsitas","status":"publish","type":"product","link":"https:\/\/www.pause-au-naturelle.com\/es\/produit\/the-vert-a-la-nigelle-20-sachets\/","title":{"rendered":"T\u00e9 verde con nigella, 20 bolsitas"},"content":{"rendered":"<p>Descubra todas las virtudes del t\u00e9 verde con nigella. Est\u00e1 enriquecido con extractos de jengibre y lima. Sin duda, una f\u00f3rmula enriquecida para combatir los males del invierno, as\u00ed como por sus funciones diur\u00e9ticas y adelgazantes.<\/p>\n<p>Para motivarle en su compra, hemos pensado en incluir una peque\u00f1a rese\u00f1a hist\u00f3rica sobre el t\u00e9 verde. Este peque\u00f1o compendio es una informaci\u00f3n destinada a recordarnos los beneficios del t\u00e9 verde.<\/p>\n<h2><b>T\u00e9 verde con comino negro: una bebida exquisita<\/b><\/h2>\n<p>Gracias a su agradable sabor especiado, el t\u00e9 verde con nigella le sorprender\u00e1. Descubra las caracter\u00edsticas espec\u00edficas de este sabroso t\u00e9 en las siguientes l\u00edneas.<\/p>\n<p><span style=\"font-weight: 400;\">El t\u00e9 verde es un producto puro procedente de Asia.<\/span><span style=\"font-weight: 400;\">. Su cultivo se remonta a miles de a\u00f1os atr\u00e1s.  Su uso est\u00e1 muy extendido. Importado a otros continentes, se consume por sus propiedades saludables y por el placer que supone saborearlo. Si es usted amante de las sensaciones naturales, no puede dejar de a\u00f1adir  el t\u00e9 verde con nigella a sus sabores arom\u00e1ticos. Se describe como un t\u00e9 con sabor terroso o a hierba reci\u00e9n cortada. Es un excelente estimulante por la ma\u00f1ana para combatir el cansancio. Descubra ahora mismo todos sus beneficios.<\/span><\/p>\n<h3><b>Un elemento central en la medicina tradicional china<\/b><\/h3>\n<p>&nbsp;<\/p>\n<p><span style=\"font-weight: 400;\">El <\/span><b>t\u00e9 verde<\/b><span style=\"font-weight: 400;\"> posee propiedades terap\u00e9uticas bien conocidas cuando se consume internamente. Son principalmente sus polifenoles (aproximadamente 30 %), su cafe\u00edna y su poder antioxidante los que contribuyen a su acci\u00f3n. Tambi\u00e9n tiene un contenido muy concentrado en vitamina C. M\u00e1s all\u00e1 de sus conocidas propiedades estimulantes, el t\u00e9 verde con nigella permite acceder a otros campos. Por ejemplo, es bueno consumirlo para paliar una infecci\u00f3n digestiva o una migra\u00f1a. Esto ya lo sab\u00edan los m\u00e9dicos chinos de anta\u00f1o, que lo recetaban para tales dolencias. Su consumo tambi\u00e9n proporciona un cuidado a los diab\u00e9ticos, ya que act\u00faa como hipoglucemiante en el organismo. <\/span><\/p>\n<h3><strong>Din\u00e1mico para el sistema inmunitario<\/strong><\/h3>\n<p>&nbsp;<\/p>\n<p><span style=\"font-weight: 400;\">En previsi\u00f3n del invierno, para prevenir el riesgo de gripe y resfriados, se recomienda<\/span> <span style=\"font-weight: 400;\">estimula el sistema inmunitario. Su propiedad antioxidante se utiliza en la lucha contra el c\u00e1ncer y en el tratamiento de la enfermedad de Alzheimer. Las personas que padecen trastornos cognitivos tambi\u00e9n encuentran un remedio en el <\/span><b>t\u00e9 verde con semillas de comino negro\u00a0<\/b><span style=\"font-weight: 400;\">gracias a los flavanos que contiene. Adem\u00e1s, en lo que respecta a los trastornos hep\u00e1ticos y las enfermedades cardiovasculares, su consumo es una buena medida preventiva. Para su higiene bucal, encontrar\u00e1 en \u00e9l un buen agente purificador de bacterias gracias al fl\u00faor que contiene.<\/span><\/p>\n<p><span style=\"font-weight: 400;\">Por \u00faltimo, tenga en cuenta que el <\/span><b>t\u00e9 verde<\/b><span style=\"font-weight: 400;\"> ayuda a perder peso. Para una dieta diaria, le recomendamos que lo consuma aproximadamente media hora antes de las comidas. Est\u00e1 contraindicado para mujeres embarazadas o durante los periodos menstruales.\u2019<strong><a href=\"https:\/\/www.pause-au-naturelle.com\/es\/producto\/fenogreco-capsulas-ecologicas-lactancia\/\">lactancia<\/a><\/strong>. Del mismo modo, a las personas que padecen insomnio o problemas urinarios, en este \u00faltimo caso debido a su poder diur\u00e9tico.<\/span><\/p>\n<h3><b>Denominaci\u00f3n cient\u00edfica\u00a0<\/b><\/h3>\n<p>&nbsp;<\/p>\n<p><span style=\"font-weight: 400;\">El<\/span><b> t\u00e9 verde <\/b><span style=\"font-weight: 400;\">Su nombre cient\u00edfico es Camellia sinensis. Se le conoce simplemente como \u00abt\u00e9\u00bb o \u00abt\u00e9 virgen\u00bb o \u00abgreen tea\u00bb en ingl\u00e9s. En China, su antiguo nombre era \u00abT'u\u00bb, que significa \u00abmuchas cosas\u00bb. Posteriormente, su nombre pas\u00f3 a ser \u00abCh'a\u00bb.<\/span><\/p>\n<p><span style=\"font-weight: 400;\">Geogr\u00e1ficamente, proviene del Lejano Oriente. En bot\u00e1nica, pertenece a la familia de las te\u00e1ceas. Se trata de un arbusto de hojas perennes. En estado natural, puede alcanzar los 30 metros de altura, pero su cultivo lo reduce a solo 1,5 metros aproximadamente. Durante la recolecci\u00f3n, se recogen sus brotes y hojas en fase inicial de crecimiento. Esto se hace debido a que estas partes tienen una mayor concentraci\u00f3n.<\/span><\/p>\n<h4><strong>Historia  y premisa del t\u00e9 verde en la humanidad<\/strong><\/h4>\n<p>&nbsp;<\/p>\n<p><span style=\"font-weight: 400;\">La historia del descubrimiento de este famoso t\u00e9 se remonta al emperador Shennong hace unos 5000 a\u00f1os, en el a\u00f1o -2737. El emperador, que viv\u00eda en una regi\u00f3n monta\u00f1osa del sur, habr\u00eda sentido el humo que desprend\u00eda un arbusto de t\u00e9 en llamas. M\u00e1s tarde, durante la dinast\u00eda Tang, en los siglos IV y V, el t\u00e9 se transform\u00f3. La t\u00e9cnica consist\u00eda en remojar las hojas, picarlas y, finalmente, moldearlas en forma de ladrillos. A continuaci\u00f3n, se mezclaba todo con otros ingredientes.<\/span><\/p>\n<p><span style=\"font-weight: 400;\">Luego vino la dinast\u00eda Song, entre 960 y 1279. Surgi\u00f3 una nueva escuela que recomendaba moler el t\u00e9 para convertirlo en polvo.\u00a0<\/span><\/p>\n<p><span style=\"font-weight: 400;\">Posteriormente, en el siglo XIII, las invasiones mongolas destruyeron casi por completo este saber hacer de la cultura china. No fue hasta siglos m\u00e1s tarde cuando volvi\u00f3 a aparecer. Desde la dinast\u00eda Ming, entre 1368 y 1644, hasta nuestros d\u00edas, su preparaci\u00f3n no ha cambiado. Se trata de un m\u00e9todo de secado cuyo principio es interrumpir el fen\u00f3meno de la fermentaci\u00f3n. La mecanizaci\u00f3n de los medios ha permitido perfeccionar esta t\u00e9cnica utilizada en el<\/span><b> t\u00e9 verde<\/b><span style=\"font-weight: 400;\">.<\/span><\/p>\n<p>Hoy en d\u00eda, este producto local permite crear mezclas deliciosas, como el t\u00e9 verde con semillas de comino negro que comercializamos.<\/p>\n<p>&nbsp;<\/p>","protected":false},"excerpt":{"rendered":"<p>D\u00e9couvrez toutes les vertus du th\u00e9 vert \u00e0 la nigelle. Celui-ci est enrichi aux extrait de gingembre et de citron vert. Certainement une formule enrichi pour lutter contre les maux d&rsquo;hiver ainsi que pour ses fonctions diur\u00e9tiques et amincissantes. Pour vous motiver dans votre achat, nous avons pens\u00e9 \u00e0 faire figurer un petit historique sur [&#8230;]\n","protected":false},"featured_media":7615,"template":"","meta":[],"product_brand":[],"product_cat":[69],"product_tag":[],"class_list":{"0":"post-7177","1":"product","2":"type-product","3":"status-publish","4":"has-post-thumbnail","6":"product_cat-nigelle","8":"first","9":"outofstock","10":"shipping-taxable","11":"purchasable","12":"product-type-simple"},"yoast_head":"<!-- This site is optimized with the Yoast SEO plugin v27.3 - https:\/\/yoast.com\/product\/yoast-seo-wordpress\/ -->\n<title>th\u00e9 vert \u00e0 la nigelle ar\u00f4matis\u00e9 au gingembre et au citron<\/title>\n<meta name=\"description\" content=\"Ce th\u00e9 vert \u00e0 la nigelle ar\u00f4matis\u00e9 au gingembre et au citron est id\u00e9al pour soulager vos petits maux de gorge.\" \/>\n<meta name=\"robots\" content=\"index, follow, max-snippet:-1, max-image-preview:large, max-video-preview:-1\" \/>\n<link rel=\"canonical\" href=\"https:\/\/www.pause-au-naturelle.com\/es\/producto\/el-verde-con-nigella-20-bolsitas\/\" \/>\n<meta property=\"og:locale\" content=\"es_ES\" \/>\n<meta property=\"og:type\" content=\"article\" \/>\n<meta property=\"og:title\" content=\"th\u00e9 vert \u00e0 la nigelle ar\u00f4matis\u00e9 au gingembre et au citron\" \/>\n<meta property=\"og:description\" content=\"Ce th\u00e9 vert \u00e0 la nigelle ar\u00f4matis\u00e9 au gingembre et au citron est id\u00e9al pour soulager vos petits maux de gorge.\" \/>\n<meta property=\"og:url\" content=\"https:\/\/www.pause-au-naturelle.com\/es\/producto\/el-verde-con-nigella-20-bolsitas\/\" \/>\n<meta property=\"og:site_name\" content=\"Pause au Naturelle\" \/>\n<meta property=\"article:modified_time\" content=\"2023-12-27T16:37:15+00:00\" \/>\n<meta property=\"og:image\" content=\"https:\/\/www.pause-au-naturelle.com\/wp-content\/uploads\/2020\/06\/SAOUDA-the-vert-nigelle.jpg\" \/>\n\t<meta property=\"og:image:width\" content=\"1000\" \/>\n\t<meta property=\"og:image:height\" content=\"1000\" \/>\n\t<meta property=\"og:image:type\" content=\"image\/jpeg\" \/>\n<meta name=\"twitter:card\" content=\"summary_large_image\" \/>\n<meta name=\"twitter:label1\" content=\"Tiempo de lectura\" \/>\n\t<meta name=\"twitter:data1\" content=\"4 minutos\" \/>\n<script type=\"application\/ld+json\" class=\"yoast-schema-graph\">{\"@context\":\"https:\\\/\\\/schema.org\",\"@graph\":[{\"@type\":\"WebPage\",\"@id\":\"https:\\\/\\\/www.pause-au-naturelle.com\\\/produit\\\/the-vert-a-la-nigelle-20-sachets\\\/\",\"url\":\"https:\\\/\\\/www.pause-au-naturelle.com\\\/produit\\\/the-vert-a-la-nigelle-20-sachets\\\/\",\"name\":\"th\u00e9 vert \u00e0 la nigelle ar\u00f4matis\u00e9 au gingembre et au citron\",\"isPartOf\":{\"@id\":\"https:\\\/\\\/www.pause-au-naturelle.com\\\/#website\"},\"primaryImageOfPage\":{\"@id\":\"https:\\\/\\\/www.pause-au-naturelle.com\\\/produit\\\/the-vert-a-la-nigelle-20-sachets\\\/#primaryimage\"},\"image\":{\"@id\":\"https:\\\/\\\/www.pause-au-naturelle.com\\\/produit\\\/the-vert-a-la-nigelle-20-sachets\\\/#primaryimage\"},\"thumbnailUrl\":\"https:\\\/\\\/www.pause-au-naturelle.com\\\/wp-content\\\/uploads\\\/2020\\\/06\\\/SAOUDA-the-vert-nigelle.jpg\",\"datePublished\":\"2020-06-29T17:23:09+00:00\",\"dateModified\":\"2023-12-27T16:37:15+00:00\",\"description\":\"Ce th\u00e9 vert \u00e0 la nigelle ar\u00f4matis\u00e9 au gingembre et au citron est id\u00e9al pour soulager vos petits maux de gorge.\",\"breadcrumb\":{\"@id\":\"https:\\\/\\\/www.pause-au-naturelle.com\\\/produit\\\/the-vert-a-la-nigelle-20-sachets\\\/#breadcrumb\"},\"inLanguage\":\"es\",\"potentialAction\":[{\"@type\":\"ReadAction\",\"target\":[\"https:\\\/\\\/www.pause-au-naturelle.com\\\/produit\\\/the-vert-a-la-nigelle-20-sachets\\\/\"]}]},{\"@type\":\"ImageObject\",\"inLanguage\":\"es\",\"@id\":\"https:\\\/\\\/www.pause-au-naturelle.com\\\/produit\\\/the-vert-a-la-nigelle-20-sachets\\\/#primaryimage\",\"url\":\"https:\\\/\\\/www.pause-au-naturelle.com\\\/wp-content\\\/uploads\\\/2020\\\/06\\\/SAOUDA-the-vert-nigelle.jpg\",\"contentUrl\":\"https:\\\/\\\/www.pause-au-naturelle.com\\\/wp-content\\\/uploads\\\/2020\\\/06\\\/SAOUDA-the-vert-nigelle.jpg\",\"width\":1000,\"height\":1000},{\"@type\":\"BreadcrumbList\",\"@id\":\"https:\\\/\\\/www.pause-au-naturelle.com\\\/produit\\\/the-vert-a-la-nigelle-20-sachets\\\/#breadcrumb\",\"itemListElement\":[{\"@type\":\"ListItem\",\"position\":1,\"name\":\"Boutique\",\"item\":\"https:\\\/\\\/www.pause-au-naturelle.com\\\/boutique\\\/\"},{\"@type\":\"ListItem\",\"position\":2,\"name\":\"Th\u00e9 vert \u00e0 la nigelle 20 sachets\"}]},{\"@type\":\"WebSite\",\"@id\":\"https:\\\/\\\/www.pause-au-naturelle.com\\\/#website\",\"url\":\"https:\\\/\\\/www.pause-au-naturelle.com\\\/\",\"name\":\"Pause au Naturelle\",\"description\":\"\",\"publisher\":{\"@id\":\"https:\\\/\\\/www.pause-au-naturelle.com\\\/#organization\"},\"potentialAction\":[{\"@type\":\"SearchAction\",\"target\":{\"@type\":\"EntryPoint\",\"urlTemplate\":\"https:\\\/\\\/www.pause-au-naturelle.com\\\/?s={search_term_string}\"},\"query-input\":{\"@type\":\"PropertyValueSpecification\",\"valueRequired\":true,\"valueName\":\"search_term_string\"}}],\"inLanguage\":\"es\"},{\"@type\":\"Organization\",\"@id\":\"https:\\\/\\\/www.pause-au-naturelle.com\\\/#organization\",\"name\":\"Pause au naturelle\",\"url\":\"https:\\\/\\\/www.pause-au-naturelle.com\\\/\",\"logo\":{\"@type\":\"ImageObject\",\"inLanguage\":\"es\",\"@id\":\"https:\\\/\\\/www.pause-au-naturelle.com\\\/#\\\/schema\\\/logo\\\/image\\\/\",\"url\":\"https:\\\/\\\/www.pause-au-naturelle.com\\\/wp-content\\\/uploads\\\/2020\\\/06\\\/logo.png\",\"contentUrl\":\"https:\\\/\\\/www.pause-au-naturelle.com\\\/wp-content\\\/uploads\\\/2020\\\/06\\\/logo.png\",\"width\":250,\"height\":250,\"caption\":\"Pause au naturelle\"},\"image\":{\"@id\":\"https:\\\/\\\/www.pause-au-naturelle.com\\\/#\\\/schema\\\/logo\\\/image\\\/\"}}]}<\/script>\n<!-- \/ Yoast SEO plugin. -->","yoast_head_json":{"title":"T\u00e9 verde con semillas de comino negro aromatizado con jengibre y lim\u00f3n.","description":"Este t\u00e9 verde con semillas de comino negro aromatizado con jengibre y lim\u00f3n es ideal para aliviar los peque\u00f1os dolores de garganta.","robots":{"index":"index","follow":"follow","max-snippet":"max-snippet:-1","max-image-preview":"max-image-preview:large","max-video-preview":"max-video-preview:-1"},"canonical":"https:\/\/www.pause-au-naturelle.com\/es\/producto\/el-verde-con-nigella-20-bolsitas\/","og_locale":"es_ES","og_type":"article","og_title":"th\u00e9 vert \u00e0 la nigelle ar\u00f4matis\u00e9 au gingembre et au citron","og_description":"Ce th\u00e9 vert \u00e0 la nigelle ar\u00f4matis\u00e9 au gingembre et au citron est id\u00e9al pour soulager vos petits maux de gorge.","og_url":"https:\/\/www.pause-au-naturelle.com\/es\/producto\/el-verde-con-nigella-20-bolsitas\/","og_site_name":"Pause au Naturelle","article_modified_time":"2023-12-27T16:37:15+00:00","og_image":[{"width":1000,"height":1000,"url":"https:\/\/www.pause-au-naturelle.com\/wp-content\/uploads\/2020\/06\/SAOUDA-the-vert-nigelle.jpg","type":"image\/jpeg"}],"twitter_card":"summary_large_image","twitter_misc":{"Tiempo de lectura":"4 minutos"},"schema":{"@context":"https:\/\/schema.org","@graph":[{"@type":"WebPage","@id":"https:\/\/www.pause-au-naturelle.com\/produit\/the-vert-a-la-nigelle-20-sachets\/","url":"https:\/\/www.pause-au-naturelle.com\/produit\/the-vert-a-la-nigelle-20-sachets\/","name":"T\u00e9 verde con semillas de comino negro aromatizado con jengibre y lim\u00f3n.","isPartOf":{"@id":"https:\/\/www.pause-au-naturelle.com\/#website"},"primaryImageOfPage":{"@id":"https:\/\/www.pause-au-naturelle.com\/produit\/the-vert-a-la-nigelle-20-sachets\/#primaryimage"},"image":{"@id":"https:\/\/www.pause-au-naturelle.com\/produit\/the-vert-a-la-nigelle-20-sachets\/#primaryimage"},"thumbnailUrl":"https:\/\/www.pause-au-naturelle.com\/wp-content\/uploads\/2020\/06\/SAOUDA-the-vert-nigelle.jpg","datePublished":"2020-06-29T17:23:09+00:00","dateModified":"2023-12-27T16:37:15+00:00","description":"Este t\u00e9 verde con semillas de comino negro aromatizado con jengibre y lim\u00f3n es ideal para aliviar los peque\u00f1os dolores de garganta.","breadcrumb":{"@id":"https:\/\/www.pause-au-naturelle.com\/produit\/the-vert-a-la-nigelle-20-sachets\/#breadcrumb"},"inLanguage":"es","potentialAction":[{"@type":"ReadAction","target":["https:\/\/www.pause-au-naturelle.com\/produit\/the-vert-a-la-nigelle-20-sachets\/"]}]},{"@type":"ImageObject","inLanguage":"es","@id":"https:\/\/www.pause-au-naturelle.com\/produit\/the-vert-a-la-nigelle-20-sachets\/#primaryimage","url":"https:\/\/www.pause-au-naturelle.com\/wp-content\/uploads\/2020\/06\/SAOUDA-the-vert-nigelle.jpg","contentUrl":"https:\/\/www.pause-au-naturelle.com\/wp-content\/uploads\/2020\/06\/SAOUDA-the-vert-nigelle.jpg","width":1000,"height":1000},{"@type":"BreadcrumbList","@id":"https:\/\/www.pause-au-naturelle.com\/produit\/the-vert-a-la-nigelle-20-sachets\/#breadcrumb","itemListElement":[{"@type":"ListItem","position":1,"name":"Boutique","item":"https:\/\/www.pause-au-naturelle.com\/boutique\/"},{"@type":"ListItem","position":2,"name":"Th\u00e9 vert \u00e0 la nigelle 20 sachets"}]},{"@type":"WebSite","@id":"https:\/\/www.pause-au-naturelle.com\/#website","url":"https:\/\/www.pause-au-naturelle.com\/","name":"Pausa en la naturaleza","description":"","publisher":{"@id":"https:\/\/www.pause-au-naturelle.com\/#organization"},"potentialAction":[{"@type":"SearchAction","target":{"@type":"EntryPoint","urlTemplate":"https:\/\/www.pause-au-naturelle.com\/?s={search_term_string}"},"query-input":{"@type":"PropertyValueSpecification","valueRequired":true,"valueName":"search_term_string"}}],"inLanguage":"es"},{"@type":"Organization","@id":"https:\/\/www.pause-au-naturelle.com\/#organization","name":"Pausa al aire libre","url":"https:\/\/www.pause-au-naturelle.com\/","logo":{"@type":"ImageObject","inLanguage":"es","@id":"https:\/\/www.pause-au-naturelle.com\/#\/schema\/logo\/image\/","url":"https:\/\/www.pause-au-naturelle.com\/wp-content\/uploads\/2020\/06\/logo.png","contentUrl":"https:\/\/www.pause-au-naturelle.com\/wp-content\/uploads\/2020\/06\/logo.png","width":250,"height":250,"caption":"Pause au naturelle"},"image":{"@id":"https:\/\/www.pause-au-naturelle.com\/#\/schema\/logo\/image\/"}}]}},"_links":{"self":[{"href":"https:\/\/www.pause-au-naturelle.com\/es\/wp-json\/wp\/v2\/product\/7177","targetHints":{"allow":["GET"]}}],"collection":[{"href":"https:\/\/www.pause-au-naturelle.com\/es\/wp-json\/wp\/v2\/product"}],"about":[{"href":"https:\/\/www.pause-au-naturelle.com\/es\/wp-json\/wp\/v2\/types\/product"}],"wp:featuredmedia":[{"embeddable":true,"href":"https:\/\/www.pause-au-naturelle.com\/es\/wp-json\/wp\/v2\/media\/7615"}],"wp:attachment":[{"href":"https:\/\/www.pause-au-naturelle.com\/es\/wp-json\/wp\/v2\/media?parent=7177"}],"wp:term":[{"taxonomy":"product_brand","embeddable":true,"href":"https:\/\/www.pause-au-naturelle.com\/es\/wp-json\/wp\/v2\/product_brand?post=7177"},{"taxonomy":"product_cat","embeddable":true,"href":"https:\/\/www.pause-au-naturelle.com\/es\/wp-json\/wp\/v2\/product_cat?post=7177"},{"taxonomy":"product_tag","embeddable":true,"href":"https:\/\/www.pause-au-naturelle.com\/es\/wp-json\/wp\/v2\/product_tag?post=7177"}],"curies":[{"name":"wp","href":"https:\/\/api.w.org\/{rel}","templated":true}]}}