{"id":1572,"date":"2018-10-17T03:25:55","date_gmt":"2018-10-17T03:25:55","guid":{"rendered":"http:\/\/source.wpopal.com\/auros\/?page_id=1572"},"modified":"2024-01-11T15:03:54","modified_gmt":"2024-01-11T15:03:54","slug":"termos-e-condicoes","status":"publish","type":"page","link":"https:\/\/www.pause-au-naturelle.com\/pt\/termes-et-conditions\/","title":{"rendered":"Termos e condi\u00e7\u00f5es de venda"},"content":{"rendered":"<h1 class=\"wp-block-heading\">Termos e condi\u00e7\u00f5es de venda<\/h1>\n\n\n\n<p>Data da \u00faltima atualiza\u00e7\u00e3o<\/p>\n\n\n\n<h2 class=\"wp-block-heading\" id=\"h-article-1-objet\">Artigo 1.\u00ba - Objetivo<\/h2>\n\n\n\n<p>Estas condi\u00e7\u00f5es regem as vendas efectuadas pela empresa Pause au naturel <\/p>\n\n\n\n<p>Artigo 2 - Pre\u00e7os<\/p>\n\n\n\n<p>Os pre\u00e7os dos nossos produtos s\u00e3o indicados em euros, incluindo todos os impostos (IVA e outros impostos aplic\u00e1veis no dia da encomenda), salvo indica\u00e7\u00e3o em contr\u00e1rio e excluindo os custos de processamento e envio. Se encomendar de um pa\u00eds que n\u00e3o seja a Fran\u00e7a continental, \u00e9 o importador do(s) produto(s) em causa. Podem ser devidos direitos aduaneiros ou outros impostos locais ou direitos de importa\u00e7\u00e3o ou impostos estatais. Estes direitos e montantes n\u00e3o s\u00e3o da responsabilidade da empresa.&nbsp;<strong>Diretor Geral<\/strong>. As declara\u00e7\u00f5es e os pagamentos \u00e0s autoridades e organismos competentes do seu pa\u00eds s\u00e3o da sua inteira responsabilidade. Aconselhamo-lo a verificar estes aspectos junto das suas autoridades locais. Todas as encomendas, independentemente da sua origem, devem ser pagas em euros. A empresa&nbsp;<strong>Diretor Geral<\/strong>&nbsp;reserva-se o direito de modificar os seus pre\u00e7os a qualquer momento, mas o produto ser\u00e1 facturado com base na lista de pre\u00e7os em vigor no momento da valida\u00e7\u00e3o da encomenda e sob reserva de disponibilidade. Os produtos permanecem propriedade da empresa&nbsp;<strong>Diretor Geral<\/strong>&nbsp;at\u00e9 que o pre\u00e7o tenha sido pago na totalidade. Aten\u00e7\u00e3o: a partir do momento em que toma posse f\u00edsica dos produtos encomendados, os riscos de perda ou dano dos produtos s\u00e3o transferidos para si.<\/p>\n\n\n\n<h2 class=\"wp-block-heading\" id=\"h-article-3-nbsp-enregistrement-et-validation-de-commande\">Artigo 3.\u00ba - REGISTO E VALIDA\u00c7\u00c3O DAS ORDENS<\/h2>\n\n\n\n<h3 class=\"wp-block-heading\" id=\"h-3-1-navigation-a-l-interieur-du-site\">3.1 Navega\u00e7\u00e3o no s\u00edtio<\/h3>\n\n\n\n<p>O Utilizador pode informar-se sobre os v\u00e1rios Produtos propostos para venda por https:\/\/www.pause-au-naturelle.com\/ no seu S\u00edtio.<br>O Utilizador pode navegar livremente pelas diferentes p\u00e1ginas do S\u00edtio sem estar vinculado a qualquer ordem.<\/p>\n\n\n\n<h3 class=\"wp-block-heading\" id=\"h-3-2-enregistrement-nbsp-d-une-commande\">3.2 Registo de uma encomenda<\/h3>\n\n\n\n<p>Se o Utilizador desejar efetuar uma encomenda, selecionar\u00e1 os diferentes Produtos em que est\u00e1 interessado e manifestar\u00e1 esse interesse clicando no \u00edcone \u00abcesto\u00bb.<br>O Utilizador pode, em qualquer altura:<\/p>\n\n\n\n<ul class=\"wp-block-list\">\n<li>obter um resumo dos produtos que selecionou, clicando no cesto.<\/li>\n\n\n\n<li>continuar ou modificar a sua sele\u00e7\u00e3o de produtos clicando em \u201cContinuar a comprar\u201d.<\/li>\n\n\n\n<li>completar a sua sele\u00e7\u00e3o de produtos e encomendar esses produtos clicando em \u201cProceder ao pagamento\u201d.<\/li>\n<\/ul>\n\n\n\n<p>Para encomendar os Produtos que escolheu, depois de clicar em \u201cProceder ao pagamento\u201d, o Utilizador deve identificar-se introduzindo o seu endere\u00e7o de correio eletr\u00f3nico e a palavra-passe que escolheu ao criar a sua conta ou, se se tratar da sua primeira encomenda, clicando em \u00abCriar uma conta\u00bb. Neste \u00faltimo caso, o Utilizador deve preencher corretamente o formul\u00e1rio fornecido, no qual deve incluir as informa\u00e7\u00f5es necess\u00e1rias \u00e0 sua identifica\u00e7\u00e3o, nomeadamente o seu apelido, nome pr\u00f3prio e endere\u00e7o postal. Al\u00e9m disso, o Utilizador deve indicar o seu endere\u00e7o de correio eletr\u00f3nico e uma palavra-passe \u00e0 sua escolha, que ser\u00e1 pessoal e confidencial e de que necessitar\u00e1 para se identificar posteriormente no S\u00edtio.<br>O Utilizador \u00e9 informado e aceita que a introdu\u00e7\u00e3o destes dois identificadores constitui prova da sua identidade e exprime o seu consentimento.<br>Uma vez identificado o Utilizador, este deve validar o endere\u00e7o de entrega e um formul\u00e1rio de encomenda aparecer\u00e1 no ecr\u00e3, resumindo: a natureza, a quantidade e o pre\u00e7o dos Produtos selecionados pelo Utilizador, bem como o montante total da encomenda, os custos de entrega, o prazo de entrega, os dados de contacto do Utilizador e o endere\u00e7o de entrega dos Produtos.<\/p>\n\n\n\n<h5 class=\"wp-block-heading\" id=\"h-offres-commerciales\">Ofertas comerciais<\/h5>\n\n\n\n<p>Para beneficiar de uma oferta comercial que lhe tenha sido enviada, o Utilizador deve introduzir e validar o seu \u201dc\u00f3digo promocional\u201c no campo previsto na p\u00e1gina de pagamento.<\/p>\n\n\n\n<h3 class=\"wp-block-heading\" id=\"h-3-3-validation-definitive-de-la-commande-et-paiement\">3.3 Confirma\u00e7\u00e3o final da encomenda e pagamento<\/h3>\n\n\n\n<p>Depois de verificar o estado da encomenda, e uma vez que todas as informa\u00e7\u00f5es solicitadas tenham sido preenchidas pelo Utilizador, aparecer\u00e1 um resumo dessas informa\u00e7\u00f5es e da encomenda e o Utilizador ter\u00e1 de escolher o m\u00e9todo de pagamento com o qual deseja efetuar o pagamento para confirmar definitivamente a sua encomenda.<br>As encomendas devem ser pagas em :<\/p>\n\n\n\n<ul class=\"wp-block-list\">\n<li>euros por cart\u00e3o de cr\u00e9dito franc\u00eas ou internacional.<\/li>\n<\/ul>\n\n\n\n<p>Especifica-se que, quando o pagamento imediato \u00e9 efectuado por cart\u00e3o de cr\u00e9dito, este \u00e9 assegurado por encripta\u00e7\u00e3o S.S.L. (Secure Socket Layer), a fim de proteger todos os dados relativos aos meios de pagamento, e que em nenhum momento os dados banc\u00e1rios do Utilizador passar\u00e3o pelo sistema inform\u00e1tico de https:\/\/www.pause-au-naturelle.com\/.<br>A partir do momento em que o Utilizador confirma o pagamento, a encomenda \u00e9 registada. O Utilizador torna-se um Cliente. A nota de encomenda ser\u00e1 registada nos registos inform\u00e1ticos de https:\/\/www.pause-au-naturelle.com\/ e ser\u00e1 considerada como prova da rela\u00e7\u00e3o contratual entre as Partes.<br>O Cliente disp\u00f5e de um direito de retrata\u00e7\u00e3o e de reembolso no prazo de catorze (14) dias \u00fateis a contar da data de rece\u00e7\u00e3o dos Produtos pelo Cliente.<\/p>\n\n\n\n<h3 class=\"wp-block-heading\" id=\"h-3-4-confirmation-de-la-commande\">3.4 Confirma\u00e7\u00e3o da encomenda<\/h3>\n\n\n\n<p>Um resumo da encomenda ser\u00e1 apresentado quando a encomenda for validada.<br>Esta confirma\u00e7\u00e3o incluir\u00e1 todos os elementos constitutivos do contrato celebrado entre as Partes.<br>Este resumo da encomenda ser\u00e1 igualmente enviado por correio eletr\u00f3nico ao Cliente nos minutos seguintes \u00e0 compra.<br>O Cliente ter\u00e1 ent\u00e3o acesso ao \u201cacompanhamento da encomenda\u201d clicando em \u201cIniciar sess\u00e3o\u201d e iniciando sess\u00e3o com o seu endere\u00e7o de correio eletr\u00f3nico e a sua palavra-passe.<\/p>\n\n\n\n<h3 class=\"wp-block-heading\" id=\"h-3-5-modification-d-une-commande\">3.5 Modifica\u00e7\u00e3o de uma ordem<\/h3>\n\n\n\n<p>As encomendas efectuadas podem ser seguidas a partir do menu \u00abIniciar sess\u00e3o\u00bb.<br>Para modificar uma encomenda, \u00e9 necess\u00e1rio anular a encomenda, voltar a coloc\u00e1-la no cesto e, em seguida, corrigi-la conforme necess\u00e1rio antes de a validar.<br>Uma encomenda s\u00f3 pode ser alterada ou anulada se o seu estado for \u00abRegistado\u00bb.<br>Uma encomenda colocada no estado \u00abem prepara\u00e7\u00e3o\u00bb ou \u00abexpedida\u00bb j\u00e1 n\u00e3o pode ser modificada.<\/p>\n\n\n\n<h2 class=\"wp-block-heading\" id=\"h-article-4-paiement\">Artigo 4.\u00ba - Pagamento<\/h2>\n\n\n\n<p>O facto de validar a sua encomenda implica para si a obriga\u00e7\u00e3o de pagar o pre\u00e7o indicado. O pagamento das suas compras \u00e9 efectuado por cart\u00e3o de cr\u00e9dito atrav\u00e9s de um sistema seguro. O cart\u00e3o s\u00f3 \u00e9 debitado aquando da expedi\u00e7\u00e3o da encomenda. No caso de entregas fraccionadas, apenas ser\u00e3o debitados os produtos expedidos.<\/p>\n\n\n\n<h2 class=\"wp-block-heading\" id=\"h-article-5-retour-remboursement-et-droit-de-retractation\">Artigo 5.\u00ba - DEVOLU\u00c7\u00d5ES - REEMBOLSOS E DIREITO DE RETIRADA<\/h2>\n\n\n\n<h3 class=\"wp-block-heading\" id=\"h-conditions-de-nbsp-retractation\">Condi\u00e7\u00f5es de retirada<\/h3>\n\n\n\n<p>O Cliente disp\u00f5e de um direito de devolu\u00e7\u00e3o de catorze (14) dias a partir da data de rece\u00e7\u00e3o da totalidade da sua encomenda para se retratar sem necessariamente dar um motivo.<br>Para exercer o direito de retrata\u00e7\u00e3o, o cliente deve notificar a sua decis\u00e3o de retrata\u00e7\u00e3o da encomenda atrav\u00e9s de uma declara\u00e7\u00e3o inequ\u00edvoca, especificando o seu nome completo, endere\u00e7o eletr\u00f3nico, morada, n\u00famero e data da encomenda:<\/p>\n\n\n\n<ul class=\"wp-block-list\">\n<li>por correio eletr\u00f3nico: contact@pause-au-naturelle.com<\/li>\n\n\n\n<li>por telefone: +33 6 73 44 60 83<\/li>\n<\/ul>\n\n\n\n<h3 class=\"wp-block-heading\" id=\"h-remboursement\">Reembolso<\/h3>\n\n\n\n<p>Em caso de desist\u00eancia do Cliente, a https:\/\/www.pause-au-naturelle.com\/ reembolsar\u00e1 os pagamentos recebidos do Cliente e, em qualquer caso, o mais tardar catorze (14) dias a partir do dia em que a https:\/\/www.pause-au-naturelle.com\/ for informada da decis\u00e3o de desist\u00eancia do Cliente.<br>Se o Cliente desistir de toda a encomenda, https:\/\/www.pause-au-naturelle.com\/ reembolsar\u00e1 todos os pagamentos recebidos do Cliente para esta encomenda.<br>No caso de o Cliente desistir de parte dos Produtos da encomenda, https:\/\/www.pause-au-naturelle.com\/ reembolsar\u00e1 o montante dos Produtos devolvidos.<br>O reembolso ser\u00e1 efectuado pelo mesmo meio de pagamento que o Cliente utilizou para a sua encomenda ou por transfer\u00eancia banc\u00e1ria.<br>O s\u00edtio https:\/\/www.pause-au-naturelle.com\/ pode adiar o reembolso at\u00e9 ter recebido e verificado os produtos.<\/p>\n\n\n\n<h3 class=\"wp-block-heading\" id=\"h-retour-des-produits\">Devolu\u00e7\u00f5es de produtos<\/h3>\n\n\n\n<p>O Cliente deve devolver os Produtos o mais tardar catorze (14) dias ap\u00f3s ter comunicado a sua decis\u00e3o de rescis\u00e3o.<br>Os produtos devolvidos devem estar fechados, completos e sem danos.<br>As encomendas devem ser enviadas para o seguinte endere\u00e7o Doudouch 10 rue Louis Four\u00e9 Labrot app 121 , 31000 Toulouse.<br>O Cliente suporta os custos de devolu\u00e7\u00e3o da totalidade da encomenda ou dos Produtos.<\/p>\n\n\n\n<h2 class=\"wp-block-heading\" id=\"h-article-6-livraison\">Artigo 6.\u00ba - Entrega<\/h2>\n\n\n\n<p>Os produtos s\u00e3o entregues no endere\u00e7o de entrega indicado durante o processo de encomenda, no prazo indicado na p\u00e1gina de confirma\u00e7\u00e3o da encomenda. Em caso de atraso na expedi\u00e7\u00e3o, ser-lhe-\u00e1 enviada uma mensagem de correio eletr\u00f3nico para o informar das eventuais consequ\u00eancias para o prazo de entrega indicado. Em conformidade com as disposi\u00e7\u00f5es legais, em caso de atraso na entrega, o utilizador pode anular a encomenda nos termos e condi\u00e7\u00f5es previstos no artigo L 138-2 do C\u00f3digo do Consumidor franc\u00eas. Se, entretanto, receber o produto, reembols\u00e1-lo-emos, bem como as despesas de entrega, em conformidade com o artigo L 138-3 do C\u00f3digo do Consumidor. No caso de entregas efectuadas por um transportador, a empresa&nbsp;<strong>Diretor Geral<\/strong>&nbsp;n\u00e3o pode ser responsabilizada por atrasos na entrega devidos exclusivamente \u00e0 indisponibilidade do cliente ap\u00f3s v\u00e1rias marca\u00e7\u00f5es propostas.<\/p>\n\n\n\n<h2 class=\"wp-block-heading\" id=\"h-article-7-garantie\">Artigo 7.\u00ba - Garantia<\/h2>\n\n\n\n<p>Todos os nossos produtos est\u00e3o cobertos pela garantia legal de conformidade e pela garantia contra os v\u00edcios ocultos, tal como previsto nos artigos 1641\u00ba e seguintes do C\u00f3digo Civil franc\u00eas. Em caso de n\u00e3o conformidade de um produto vendido, este pode ser devolvido, trocado ou reembolsado. Todas as reclama\u00e7\u00f5es, pedidos de troca ou de reembolso devem ser efectuados no prazo de 30 dias ap\u00f3s a entrega. Os produtos devem ser-nos devolvidos no estado em que os recebeu, com todos os componentes (acess\u00f3rios, embalagens, instru\u00e7\u00f5es, etc.). As despesas de envio ser\u00e3o reembolsadas com base na tarifa facturada e as despesas de devolu\u00e7\u00e3o ser\u00e3o reembolsadas mediante apresenta\u00e7\u00e3o de prova. As disposi\u00e7\u00f5es do presente artigo n\u00e3o impedem o utilizador de beneficiar do direito de retrata\u00e7\u00e3o previsto no artigo 6.<\/p>\n\n\n\n<h2 class=\"wp-block-heading\" id=\"h-article-8-responsabilite\">Artigo 8.\u00ba - Responsabilidade<\/h2>\n\n\n\n<p>Os produtos propostos est\u00e3o em conformidade com a legisla\u00e7\u00e3o francesa em vigor. A responsabilidade da empresa&nbsp;<strong>Diretor Geral<\/strong>&nbsp;n\u00e3o pode ser responsabilizada em caso de incumprimento da legisla\u00e7\u00e3o do pa\u00eds em que o produto \u00e9 entregue. \u00c9 da responsabilidade do utilizador informar-se junto das autoridades locais sobre a possibilidade de importar ou utilizar os produtos ou servi\u00e7os que pretende encomendar. Para al\u00e9m disso, a empresa&nbsp;<strong>Diretor Geral<\/strong>&nbsp;n\u00e3o pode ser responsabilizada por qualquer dano resultante de uma utiliza\u00e7\u00e3o incorrecta do produto adquirido. Por \u00faltimo, a responsabilidade da empresa&nbsp;<strong>Diretor Geral<\/strong>&nbsp;n\u00e3o pode ser responsabilizada por quaisquer inconvenientes ou danos inerentes \u00e0 utiliza\u00e7\u00e3o da Internet, nomeadamente uma interrup\u00e7\u00e3o do servi\u00e7o, uma intrus\u00e3o externa ou a presen\u00e7a de v\u00edrus inform\u00e1ticos.<\/p>\n\n\n\n<h2 class=\"wp-block-heading\" id=\"h-article-9-droit-applicable-en-cas-de-litiges\">Artigo 9.\u00ba - Lei aplic\u00e1vel em caso de lit\u00edgio<\/h2>\n\n\n\n<p>A l\u00edngua do presente contrato \u00e9 o franc\u00eas. As presentes condi\u00e7\u00f5es de venda s\u00e3o regidas pelo direito franc\u00eas. Em caso de lit\u00edgio, os tribunais franceses s\u00e3o os \u00fanicos competentes.<\/p>\n\n\n\n<h2 class=\"wp-block-heading\" id=\"h-article-10-propriete-intellectuelle\">Artigo 10\u00ba - Propriedade intelectual<\/h2>\n\n\n\n<p>Todos os elementos do s\u00edtio Web https:\/\/www.pause-au-naturelle.com\/ s\u00e3o e continuam a ser propriedade intelectual exclusiva da empresa.&nbsp;<strong>Diretor Geral<\/strong>. Ningu\u00e9m est\u00e1 autorizado a reproduzir, explorar, retransmitir ou utilizar para qualquer fim, mesmo que parcialmente, quaisquer elementos do s\u00edtio, sejam eles software, visuais ou sonoros. Qualquer simples liga\u00e7\u00e3o ou liga\u00e7\u00e3o de hipertexto \u00e9 estritamente proibida sem o consentimento expresso por escrito da empresa.&nbsp;<strong>Diretor Geral<\/strong>. Artigo 13\u00ba - Dados pessoais A empresa&nbsp;<strong>Diretor Geral<\/strong>&nbsp;reserva-se o direito de recolher informa\u00e7\u00f5es nominativas e dados pessoais sobre o utilizador. Estas informa\u00e7\u00f5es s\u00e3o necess\u00e1rias para processar a sua encomenda e para melhorar os servi\u00e7os e as informa\u00e7\u00f5es que lhe enviamos. Podem tamb\u00e9m ser transmitidas a empresas que contribuem para esta rela\u00e7\u00e3o, tais como as respons\u00e1veis pela execu\u00e7\u00e3o de servi\u00e7os e encomendas para a sua gest\u00e3o, execu\u00e7\u00e3o, processamento e pagamento. Estas informa\u00e7\u00f5es e dados s\u00e3o igualmente conservados por raz\u00f5es de seguran\u00e7a, a fim de cumprir as obriga\u00e7\u00f5es legais e regulamentares. Em conformidade com a lei de 6 de janeiro de 1978, tem o direito de aceder, retificar e opor-se \u00e0s informa\u00e7\u00f5es nominativas e aos dados pessoais que lhe dizem respeito, diretamente no s\u00edtio Web.<\/p>\n\n\n\n<h2 class=\"wp-block-heading\" id=\"h-article-11-archivage-preuve\">Artigo 11\u00ba - Arquivamento das provas<\/h2>\n\n\n\n<p>A empresa&nbsp;<strong>Diretor Geral<\/strong>&nbsp;arquivar\u00e1 as notas de encomenda e as facturas num suporte fi\u00e1vel e duradouro que constitua uma c\u00f3pia fiel, em conformidade com as disposi\u00e7\u00f5es do artigo 1348\u00ba do C\u00f3digo Civil franc\u00eas. Os registos inform\u00e1ticos da empresa&nbsp;<strong>Diretor Geral<\/strong>&nbsp;ser\u00e3o consideradas por todas as partes interessadas como prova de comunica\u00e7\u00f5es, encomendas, pagamentos e transac\u00e7\u00f5es entre as partes.<br><\/p>","protected":false},"excerpt":{"rendered":"<p>Conditions g\u00e9n\u00e9rales de vente Date de derni\u00e8re mise \u00e0 jour Article 1 \u2013 Objet Les pr\u00e9sentes conditions r\u00e9gissent les ventes par la soci\u00e9t\u00e9 Pause au naturelle Article 2 \u2013 Prix Les prix de nos produits sont indiqu\u00e9s en euros toutes taxes comprises (TVA et autres taxes applicables au jour de la commande), sauf indication contraire [&#8230;]\n","protected":false},"author":1,"featured_media":0,"parent":0,"menu_order":0,"comment_status":"closed","ping_status":"closed","template":"","meta":{"footnotes":""},"class_list":["post-1572","page","type-page","status-publish","hentry"],"yoast_head":"<!-- This site is optimized with the Yoast SEO plugin v27.5 - https:\/\/yoast.com\/product\/yoast-seo-wordpress\/ -->\n<title>Conditions g\u00e9n\u00e9rales de vente - Pause au Naturelle<\/title>\n<meta name=\"robots\" content=\"noindex, follow\" \/>\n<meta property=\"og:locale\" content=\"pt_PT\" \/>\n<meta property=\"og:type\" content=\"article\" \/>\n<meta property=\"og:title\" content=\"Conditions g\u00e9n\u00e9rales de vente - Pause au Naturelle\" \/>\n<meta property=\"og:description\" content=\"Conditions g\u00e9n\u00e9rales de vente Date de derni\u00e8re mise \u00e0 jour Article 1 \u2013 Objet Les pr\u00e9sentes conditions r\u00e9gissent les ventes par la soci\u00e9t\u00e9 Pause au naturelle Article 2 \u2013 Prix Les prix de nos produits sont indiqu\u00e9s en euros toutes taxes comprises (TVA et autres taxes applicables au jour de la commande), sauf indication contraire [...]\" \/>\n<meta property=\"og:url\" content=\"https:\/\/www.pause-au-naturelle.com\/pt\/termos-e-condicoes\/\" \/>\n<meta property=\"og:site_name\" content=\"Pause au Naturelle\" \/>\n<meta property=\"article:modified_time\" content=\"2024-01-11T15:03:54+00:00\" \/>\n<meta property=\"og:image\" content=\"https:\/\/www.pause-au-naturelle.com\/wp-content\/uploads\/2024\/05\/logo-pause.webp\" \/>\n\t<meta property=\"og:image:width\" content=\"600\" \/>\n\t<meta property=\"og:image:height\" content=\"171\" \/>\n\t<meta property=\"og:image:type\" content=\"image\/webp\" \/>\n<meta name=\"twitter:card\" content=\"summary_large_image\" \/>\n<meta name=\"twitter:label1\" content=\"Tempo estimado de leitura\" \/>\n\t<meta name=\"twitter:data1\" content=\"11 minutos\" \/>\n<script type=\"application\/ld+json\" class=\"yoast-schema-graph\">{\"@context\":\"https:\\\/\\\/schema.org\",\"@graph\":[{\"@type\":\"WebPage\",\"@id\":\"https:\\\/\\\/www.pause-au-naturelle.com\\\/termes-et-conditions\\\/\",\"url\":\"https:\\\/\\\/www.pause-au-naturelle.com\\\/termes-et-conditions\\\/\",\"name\":\"Conditions g\u00e9n\u00e9rales de vente - Pause au Naturelle\",\"isPartOf\":{\"@id\":\"https:\\\/\\\/www.pause-au-naturelle.com\\\/#website\"},\"datePublished\":\"2018-10-17T03:25:55+00:00\",\"dateModified\":\"2024-01-11T15:03:54+00:00\",\"inLanguage\":\"pt-PT\",\"potentialAction\":[{\"@type\":\"ReadAction\",\"target\":[\"https:\\\/\\\/www.pause-au-naturelle.com\\\/termes-et-conditions\\\/\"]}]},{\"@type\":\"WebSite\",\"@id\":\"https:\\\/\\\/www.pause-au-naturelle.com\\\/#website\",\"url\":\"https:\\\/\\\/www.pause-au-naturelle.com\\\/\",\"name\":\"Pause au Naturelle\",\"description\":\"\",\"publisher\":{\"@id\":\"https:\\\/\\\/www.pause-au-naturelle.com\\\/#organization\"},\"potentialAction\":[{\"@type\":\"SearchAction\",\"target\":{\"@type\":\"EntryPoint\",\"urlTemplate\":\"https:\\\/\\\/www.pause-au-naturelle.com\\\/?s={search_term_string}\"},\"query-input\":{\"@type\":\"PropertyValueSpecification\",\"valueRequired\":true,\"valueName\":\"search_term_string\"}}],\"inLanguage\":\"pt-PT\"},{\"@type\":\"Organization\",\"@id\":\"https:\\\/\\\/www.pause-au-naturelle.com\\\/#organization\",\"name\":\"Pause au naturelle\",\"url\":\"https:\\\/\\\/www.pause-au-naturelle.com\\\/\",\"logo\":{\"@type\":\"ImageObject\",\"inLanguage\":\"pt-PT\",\"@id\":\"https:\\\/\\\/www.pause-au-naturelle.com\\\/#\\\/schema\\\/logo\\\/image\\\/\",\"url\":\"https:\\\/\\\/www.pause-au-naturelle.com\\\/wp-content\\\/uploads\\\/2020\\\/06\\\/logo.png\",\"contentUrl\":\"https:\\\/\\\/www.pause-au-naturelle.com\\\/wp-content\\\/uploads\\\/2020\\\/06\\\/logo.png\",\"width\":250,\"height\":250,\"caption\":\"Pause au naturelle\"},\"image\":{\"@id\":\"https:\\\/\\\/www.pause-au-naturelle.com\\\/#\\\/schema\\\/logo\\\/image\\\/\"}}]}<\/script>\n<!-- \/ Yoast SEO plugin. -->","yoast_head_json":{"title":"Termos e condi\u00e7\u00f5es de venda - Pause au Naturelle","robots":{"index":"noindex","follow":"follow"},"og_locale":"pt_PT","og_type":"article","og_title":"Conditions g\u00e9n\u00e9rales de vente - Pause au Naturelle","og_description":"Conditions g\u00e9n\u00e9rales de vente Date de derni\u00e8re mise \u00e0 jour Article 1 \u2013 Objet Les pr\u00e9sentes conditions r\u00e9gissent les ventes par la soci\u00e9t\u00e9 Pause au naturelle Article 2 \u2013 Prix Les prix de nos produits sont indiqu\u00e9s en euros toutes taxes comprises (TVA et autres taxes applicables au jour de la commande), sauf indication contraire [...]","og_url":"https:\/\/www.pause-au-naturelle.com\/pt\/termos-e-condicoes\/","og_site_name":"Pause au Naturelle","article_modified_time":"2024-01-11T15:03:54+00:00","og_image":[{"width":600,"height":171,"url":"https:\/\/www.pause-au-naturelle.com\/wp-content\/uploads\/2024\/05\/logo-pause.webp","type":"image\/webp"}],"twitter_card":"summary_large_image","twitter_misc":{"Tempo estimado de leitura":"11 minutos"},"schema":{"@context":"https:\/\/schema.org","@graph":[{"@type":"WebPage","@id":"https:\/\/www.pause-au-naturelle.com\/termes-et-conditions\/","url":"https:\/\/www.pause-au-naturelle.com\/termes-et-conditions\/","name":"Termos e condi\u00e7\u00f5es de venda - Pause au Naturelle","isPartOf":{"@id":"https:\/\/www.pause-au-naturelle.com\/#website"},"datePublished":"2018-10-17T03:25:55+00:00","dateModified":"2024-01-11T15:03:54+00:00","inLanguage":"pt-PT","potentialAction":[{"@type":"ReadAction","target":["https:\/\/www.pause-au-naturelle.com\/termes-et-conditions\/"]}]},{"@type":"WebSite","@id":"https:\/\/www.pause-au-naturelle.com\/#website","url":"https:\/\/www.pause-au-naturelle.com\/","name":"Pausa na natureza","description":"","publisher":{"@id":"https:\/\/www.pause-au-naturelle.com\/#organization"},"potentialAction":[{"@type":"SearchAction","target":{"@type":"EntryPoint","urlTemplate":"https:\/\/www.pause-au-naturelle.com\/?s={search_term_string}"},"query-input":{"@type":"PropertyValueSpecification","valueRequired":true,"valueName":"search_term_string"}}],"inLanguage":"pt-PT"},{"@type":"Organization","@id":"https:\/\/www.pause-au-naturelle.com\/#organization","name":"Uma pausa natural","url":"https:\/\/www.pause-au-naturelle.com\/","logo":{"@type":"ImageObject","inLanguage":"pt-PT","@id":"https:\/\/www.pause-au-naturelle.com\/#\/schema\/logo\/image\/","url":"https:\/\/www.pause-au-naturelle.com\/wp-content\/uploads\/2020\/06\/logo.png","contentUrl":"https:\/\/www.pause-au-naturelle.com\/wp-content\/uploads\/2020\/06\/logo.png","width":250,"height":250,"caption":"Pause au naturelle"},"image":{"@id":"https:\/\/www.pause-au-naturelle.com\/#\/schema\/logo\/image\/"}}]}},"_links":{"self":[{"href":"https:\/\/www.pause-au-naturelle.com\/pt\/wp-json\/wp\/v2\/pages\/1572","targetHints":{"allow":["GET"]}}],"collection":[{"href":"https:\/\/www.pause-au-naturelle.com\/pt\/wp-json\/wp\/v2\/pages"}],"about":[{"href":"https:\/\/www.pause-au-naturelle.com\/pt\/wp-json\/wp\/v2\/types\/page"}],"author":[{"embeddable":true,"href":"https:\/\/www.pause-au-naturelle.com\/pt\/wp-json\/wp\/v2\/users\/1"}],"replies":[{"embeddable":true,"href":"https:\/\/www.pause-au-naturelle.com\/pt\/wp-json\/wp\/v2\/comments?post=1572"}],"version-history":[{"count":3,"href":"https:\/\/www.pause-au-naturelle.com\/pt\/wp-json\/wp\/v2\/pages\/1572\/revisions"}],"predecessor-version":[{"id":9668,"href":"https:\/\/www.pause-au-naturelle.com\/pt\/wp-json\/wp\/v2\/pages\/1572\/revisions\/9668"}],"wp:attachment":[{"href":"https:\/\/www.pause-au-naturelle.com\/pt\/wp-json\/wp\/v2\/media?parent=1572"}],"curies":[{"name":"wp","href":"https:\/\/api.w.org\/{rel}","templated":true}]}}